{"id":17,"date":"2016-05-09T11:26:09","date_gmt":"2016-05-09T11:26:09","guid":{"rendered":"http:\/\/blog.loestije-donswieler.de\/?page_id=17"},"modified":"2019-10-27T11:54:16","modified_gmt":"2019-10-27T11:54:16","slug":"veranstaltungen","status":"publish","type":"page","link":"http:\/\/blog.loestije-donswieler.de\/?page_id=17","title":{"rendered":"Veranstaltungen"},"content":{"rendered":"<p><em>Veranstaltungen der KG L\u00f6stije Donswieler<\/em><\/p>\n<hr \/>\n<h3 style=\"text-align: center;\">Kost\u00fcmsitzung<\/h3>\n<hr \/>\n<h3 style=\"text-align: center;\"><strong>Kindersitzung<\/strong><\/h3>\n<hr \/>\n<h3 class=\"Normal P-4\" style=\"text-align: center;\"><span class=\"C-5\">Weiberfastnacht auf dem Lindenplatz<\/span><\/h3>\n<p class=\"Normal P-5\" style=\"text-align: center;\"><strong><span class=\"C-6\">Er\u00f6ffnung des Stra\u00dfenkarnevals<\/span><\/strong><\/p>\n<p class=\"Normal P-5\" style=\"text-align: center;\"><span class=\"C-6\">Op d\u00e4m Aldemaat es keine Platz,<br \/>\n<\/span><span class=\"C-6\">dr\u00f6m kutt all nohm Lindenplatz.<br \/>\n<\/span><span class=\"C-6\">Bei vill Rabatz un Dollerei,<br \/>\n<\/span><span class=\"C-6\">han mer och Zupp, W\u00f6\u00f6sche un Getr\u00e4nke f\u00fcr alle dobei.<br \/>\n<\/span><span class=\"C-6\">He k\u00fcnne Jrosse und Kleene richtich Fastelovend fiere,<br \/>\n<\/span><span class=\"C-6\">un sich vun H\u00e4tze am\u00fcsiere.<br \/>\n<\/span><span class=\"C-6\">H\u00e4tzlich willkommen!!<br \/>\n<\/span><span class=\"C-6\">3 x Donswieler Alaaf<\/span><\/p>\n<hr \/>\n<h3 class=\"Normal P-4\" style=\"text-align: center;\"><span class=\"C-5\">Fu\u00dfgruppe beim Dansweiler Karnevalszug<\/span><\/h3>\n<p style=\"text-align: center;\"><span class=\"C-6\">Eine Fu\u00dfgruppe bunt und schrill, jeder su wie er will.<br \/>\n<\/span><span class=\"C-6\">Ob jrosse oder kleene Jecken,<br \/>\n<\/span><span class=\"C-6\">alle aus unserem Verein\u00a0<\/span><span class=\"C-6\">hoffen auf ganz viel Sonnenschein.<br \/>\n<\/span><span class=\"C-6\">Op der Kutsch mache mehr och Rabatz,<br \/>\n<\/span><span class=\"C-6\">do is f\u00fcr jeede Platz!<\/span><\/p>\n","protected":false},"excerpt":{"rendered":"<p>Veranstaltungen der KG L\u00f6stije Donswieler Kost\u00fcmsitzung Kindersitzung Weiberfastnacht auf dem Lindenplatz Er\u00f6ffnung des Stra\u00dfenkarnevals Op d\u00e4m Aldemaat es keine Platz, dr\u00f6m kutt all nohm Lindenplatz. Bei vill Rabatz un Dollerei, han mer och Zupp, W\u00f6\u00f6sche un Getr\u00e4nke f\u00fcr alle dobei. <a class=\"more-link\" href=\"http:\/\/blog.loestije-donswieler.de\/?page_id=17\"><span class=\"screen-reader-text\">  Veranstaltungen<\/span> weiterlesen<span class=\"meta-nav\">&rarr;<\/span><\/a><\/p>\n","protected":false},"author":1,"featured_media":0,"parent":0,"menu_order":0,"comment_status":"closed","ping_status":"closed","template":"","meta":{"footnotes":""},"jetpack_sharing_enabled":true,"_links":{"self":[{"href":"http:\/\/blog.loestije-donswieler.de\/index.php?rest_route=\/wp\/v2\/pages\/17"}],"collection":[{"href":"http:\/\/blog.loestije-donswieler.de\/index.php?rest_route=\/wp\/v2\/pages"}],"about":[{"href":"http:\/\/blog.loestije-donswieler.de\/index.php?rest_route=\/wp\/v2\/types\/page"}],"author":[{"embeddable":true,"href":"http:\/\/blog.loestije-donswieler.de\/index.php?rest_route=\/wp\/v2\/users\/1"}],"replies":[{"embeddable":true,"href":"http:\/\/blog.loestije-donswieler.de\/index.php?rest_route=%2Fwp%2Fv2%2Fcomments&post=17"}],"version-history":[{"count":17,"href":"http:\/\/blog.loestije-donswieler.de\/index.php?rest_route=\/wp\/v2\/pages\/17\/revisions"}],"predecessor-version":[{"id":950,"href":"http:\/\/blog.loestije-donswieler.de\/index.php?rest_route=\/wp\/v2\/pages\/17\/revisions\/950"}],"wp:attachment":[{"href":"http:\/\/blog.loestije-donswieler.de\/index.php?rest_route=%2Fwp%2Fv2%2Fmedia&parent=17"}],"curies":[{"name":"wp","href":"https:\/\/api.w.org\/{rel}","templated":true}]}}